{"id":2240,"date":"2024-04-30T14:20:13","date_gmt":"2024-04-30T12:20:13","guid":{"rendered":"https:\/\/www.der-yacht-anwalt.de\/?page_id=2240"},"modified":"2024-06-18T08:49:37","modified_gmt":"2024-06-18T06:49:37","slug":"publications-yacht","status":"publish","type":"page","link":"https:\/\/www.der-yacht-anwalt.de\/en\/the-yacht-attorney\/publications-yacht\/","title":{"rendered":"Publications Yacht"},"content":{"rendered":"<!--blockstudio\/blockstudio\/banner-->\n<div id=\"px-banner-blockstudio-72b402ea15a7\" class=\"px-banner  imageposition-left showaward-no textposition-middle\">\n\t\t<div class=\"image\">\n\t\t<img decoding=\"async\" width=\"1600\" height=\"600\" src=\"https:\/\/www.der-yacht-anwalt.de\/wp-content\/uploads\/2024\/05\/banner_publikation-yacht_yachtanwalt.jpg\" class=\"attachment-Full Size size-Full Size\" alt=\"\" srcset=\"https:\/\/www.der-yacht-anwalt.de\/wp-content\/uploads\/2024\/05\/banner_publikation-yacht_yachtanwalt.jpg 1600w, https:\/\/www.der-yacht-anwalt.de\/wp-content\/uploads\/2024\/05\/banner_publikation-yacht_yachtanwalt-300x113.jpg 300w, https:\/\/www.der-yacht-anwalt.de\/wp-content\/uploads\/2024\/05\/banner_publikation-yacht_yachtanwalt-1024x384.jpg 1024w, https:\/\/www.der-yacht-anwalt.de\/wp-content\/uploads\/2024\/05\/banner_publikation-yacht_yachtanwalt-768x288.jpg 768w, https:\/\/www.der-yacht-anwalt.de\/wp-content\/uploads\/2024\/05\/banner_publikation-yacht_yachtanwalt-1536x576.jpg 1536w\" sizes=\"(max-width: 1600px) 100vw, 1600px\" \/>        \t <\/div> <!-- End Media wrapper -->\n\t\t\n    \n<\/div>\n\n\n\n<h2 class=\"wp-block-heading\">Contributions in Meer &amp; YACHTEN<\/h2>\n\n\n\n<div class=\"wp-block-columns is-layout-flex wp-container-core-columns-is-layout-9d6595d7 wp-block-columns-is-layout-flex\">\n<div class=\"wp-block-column is-layout-flow wp-block-column-is-layout-flow\" style=\"flex-basis:33.33%\">\n<figure class=\"wp-block-image size-full\"><img decoding=\"async\" width=\"331\" height=\"50\" src=\"https:\/\/www.der-yacht-anwalt.de\/wp-content\/uploads\/2024\/05\/meer-und-yachten_logo.png\" alt=\"\" class=\"wp-image-1464\" srcset=\"https:\/\/www.der-yacht-anwalt.de\/wp-content\/uploads\/2024\/05\/meer-und-yachten_logo.png 331w, https:\/\/www.der-yacht-anwalt.de\/wp-content\/uploads\/2024\/05\/meer-und-yachten_logo-300x45.png 300w\" sizes=\"(max-width: 331px) 100vw, 331px\" \/><\/figure>\n<\/div>\n\n\n\n<div class=\"wp-block-column is-layout-flow wp-block-column-is-layout-flow\" style=\"flex-basis:66.66%\">\n<p>From issue 2\/2018, I will be writing for Meer &amp; YACHTEN, the magazine for luxury on the water originally published by Boat International for 20 years. Meer &amp; Yachten features current trends in boat building, portraits, travelogues, lifestyle and more.<\/p>\n<\/div>\n<\/div>\n\n\n\n<div style=\"height:50px\" aria-hidden=\"true\" class=\"wp-block-spacer\"><\/div>\n\n\n<!--blockstudio\/blockstudio\/teaser-->\n<div id=\"blockstudio-59ff9066653f\" class=\"px-teaser\">\n\t<div class=\"px-teaser-inner \">\n\t\t\t\t\t<div class=\"item\">\n                                    <a href=\"https:\/\/www.der-yacht-anwalt.de\/wp-content\/uploads\/2024\/06\/my_0124_propeller.pdf\" class=\"full-link\" target=\"_blank\"><\/a>\n                \t\t\t\t\t\t\t\t\t<div class=\"image\">\n\t\t\t\t\t\t<img decoding=\"async\" width=\"718\" height=\"914\" src=\"https:\/\/www.der-yacht-anwalt.de\/wp-content\/uploads\/2024\/06\/my_titel_0124-pdf.jpg\" class=\"attachment-718x1000 size-718x1000\" alt=\"\" \/>\t\t\t\t\t<\/div>\n\t\t\t\t\n\t\t\t\t<div class=\"content\">\n\t\t\t\t\t\t\t\t\t\t\t<h6 class=\"headline text-center\">Ausgabe 1\/2024<\/h6>\n\t\t\t\t\t                    \t\t\t\t\t\t<p class=\"subline text-center\">&#8220;Der Herr der Propeller&#8221;<\/p>\n\t\t\t\t\t\t\t\t\t\t\n\t\t\t\t<\/div>\n\t\t\t<\/div>\n\t\t\t\t\t<div class=\"item\">\n                                    <a href=\"https:\/\/www.der-yacht-anwalt.de\/der-yacht-anwalt\/\" class=\"full-link\" target=\"_blank\"><\/a>\n                \t\t\t\t\t\t\t\t\t<div class=\"image\">\n\t\t\t\t\t\t<img decoding=\"async\" width=\"718\" height=\"997\" src=\"https:\/\/www.der-yacht-anwalt.de\/wp-content\/uploads\/2024\/04\/einblicke-yachtprojekte.jpg\" class=\"attachment-718x1000 size-718x1000\" alt=\"\" srcset=\"https:\/\/www.der-yacht-anwalt.de\/wp-content\/uploads\/2024\/04\/einblicke-yachtprojekte.jpg 720w, https:\/\/www.der-yacht-anwalt.de\/wp-content\/uploads\/2024\/04\/einblicke-yachtprojekte-216x300.jpg 216w\" sizes=\"(max-width: 718px) 100vw, 718px\" \/>\t\t\t\t\t<\/div>\n\t\t\t\t\n\t\t\t\t<div class=\"content\">\n\t\t\t\t\t\t\t\t\t\t\t<h6 class=\"headline text-center\">Ausgabe 2\/2024:<\/h6>\n\t\t\t\t\t                    \t\t\t\t\t\n\t\t\t\t<\/div>\n\t\t\t<\/div>\n\t\t\t\t\t<div class=\"item\">\n                                    <a href=\"https:\/\/www.der-yacht-anwalt.de\/der-yacht-anwalt\/\" class=\"full-link\" target=\"_blank\"><\/a>\n                \t\t\t\t\t\t\t\t\t<div class=\"image\">\n\t\t\t\t\t\t<img decoding=\"async\" width=\"718\" height=\"997\" src=\"https:\/\/www.der-yacht-anwalt.de\/wp-content\/uploads\/2024\/04\/einblicke-yachtprojekte.jpg\" class=\"attachment-718x1000 size-718x1000\" alt=\"\" srcset=\"https:\/\/www.der-yacht-anwalt.de\/wp-content\/uploads\/2024\/04\/einblicke-yachtprojekte.jpg 720w, https:\/\/www.der-yacht-anwalt.de\/wp-content\/uploads\/2024\/04\/einblicke-yachtprojekte-216x300.jpg 216w\" sizes=\"(max-width: 718px) 100vw, 718px\" \/>\t\t\t\t\t<\/div>\n\t\t\t\t\n\t\t\t\t<div class=\"content\">\n\t\t\t\t\t\t\t\t\t\t\t<h6 class=\"headline text-center\">Ausgabe 3\/2024:<\/h6>\n\t\t\t\t\t                    \t\t\t\t\t\n\t\t\t\t<\/div>\n\t\t\t<\/div>\n\t\t\t\t\t<div class=\"item\">\n                                    <a href=\"https:\/\/www.der-yacht-anwalt.de\/der-yacht-anwalt\/\" class=\"full-link\" target=\"_blank\"><\/a>\n                \t\t\t\t\t\t\t\t\t<div class=\"image\">\n\t\t\t\t\t\t<img decoding=\"async\" width=\"718\" height=\"997\" src=\"https:\/\/www.der-yacht-anwalt.de\/wp-content\/uploads\/2024\/04\/einblicke-yachtprojekte.jpg\" class=\"attachment-718x1000 size-718x1000\" alt=\"\" srcset=\"https:\/\/www.der-yacht-anwalt.de\/wp-content\/uploads\/2024\/04\/einblicke-yachtprojekte.jpg 720w, https:\/\/www.der-yacht-anwalt.de\/wp-content\/uploads\/2024\/04\/einblicke-yachtprojekte-216x300.jpg 216w\" sizes=\"(max-width: 718px) 100vw, 718px\" \/>\t\t\t\t\t<\/div>\n\t\t\t\t\n\t\t\t\t<div class=\"content\">\n\t\t\t\t\t\t\t\t\t\t\t<h6 class=\"headline text-center\">Ausgabe 4\/2024<\/h6>\n\t\t\t\t\t                    \t\t\t\t\t\n\t\t\t\t<\/div>\n\t\t\t<\/div>\n\t\t\t<\/div>\n<\/div>\n\n\n\n\n\n<div style=\"height:50px\" aria-hidden=\"true\" class=\"wp-block-spacer\"><\/div>\n\n\n<!--blockstudio\/blockstudio\/teaser-->\n<div id=\"blockstudio-7bff12822ea0\" class=\"px-teaser\">\n\t<div class=\"px-teaser-inner \">\n\t\t\t\t\t<div class=\"item\">\n                                    <a href=\"https:\/\/www.der-yacht-anwalt.de\/wp-content\/uploads\/2024\/04\/my_4-23_yachtrecht.pdf\" class=\"full-link\" target=\"_blank\"><\/a>\n                \t\t\t\t\t\t\t\t\t<div class=\"image\">\n\t\t\t\t\t\t<img decoding=\"async\" width=\"656\" height=\"843\" src=\"https:\/\/www.der-yacht-anwalt.de\/wp-content\/uploads\/2024\/04\/my_4-23_titel.jpg\" class=\"attachment-718x1000 size-718x1000\" alt=\"\" srcset=\"https:\/\/www.der-yacht-anwalt.de\/wp-content\/uploads\/2024\/04\/my_4-23_titel.jpg 656w, https:\/\/www.der-yacht-anwalt.de\/wp-content\/uploads\/2024\/04\/my_4-23_titel-233x300.jpg 233w\" sizes=\"(max-width: 656px) 100vw, 656px\" \/>\t\t\t\t\t<\/div>\n\t\t\t\t\n\t\t\t\t<div class=\"content\">\n\t\t\t\t\t\t\t\t\t\t\t<h6 class=\"headline text-center\">Ausgabe 4\/2023<\/h6>\n\t\t\t\t\t                    \t\t\t\t\t\t<p class=\"subline text-center\">&#8220;Sturmsch\u00e4den an Yachten&#8221;<\/p>\n\t\t\t\t\t\t\t\t\t\t\n\t\t\t\t<\/div>\n\t\t\t<\/div>\n\t\t\t\t\t<div class=\"item\">\n                                    <a href=\"https:\/\/www.der-yacht-anwalt.de\/wp-content\/uploads\/2024\/04\/my_0218_cover.pdf\" class=\"full-link\" target=\"_blank\"><\/a>\n                \t\t\t\t\t\t\t\t\t<div class=\"image\">\n\t\t\t\t\t\t<img decoding=\"async\" width=\"624\" height=\"794\" src=\"https:\/\/www.der-yacht-anwalt.de\/wp-content\/uploads\/2024\/05\/2023-01_yachtsharing-fuer-superyachten.png\" class=\"attachment-718x1000 size-718x1000\" alt=\"\" srcset=\"https:\/\/www.der-yacht-anwalt.de\/wp-content\/uploads\/2024\/05\/2023-01_yachtsharing-fuer-superyachten.png 624w, https:\/\/www.der-yacht-anwalt.de\/wp-content\/uploads\/2024\/05\/2023-01_yachtsharing-fuer-superyachten-236x300.png 236w\" sizes=\"(max-width: 624px) 100vw, 624px\" \/>\t\t\t\t\t<\/div>\n\t\t\t\t\n\t\t\t\t<div class=\"content\">\n\t\t\t\t\t\t\t\t\t\t\t<h6 class=\"headline text-center\">Ausgabe 1\/2023:<\/h6>\n\t\t\t\t\t                    \t\t\t\t\t\t<p class=\"subline text-center\">&#8220;Yachtsharing f\u00fcr Superyachten&#8221;<\/p>\n\t\t\t\t\t\t\t\t\t\t\n\t\t\t\t<\/div>\n\t\t\t<\/div>\n\t\t\t\t\t<div class=\"item\">\n                                    <a href=\"https:\/\/www.der-yacht-anwalt.de\/wp-content\/uploads\/2024\/04\/meerundyachten-2-2023.pdf\" class=\"full-link\" target=\"_blank\"><\/a>\n                \t\t\t\t\t\t\t\t\t<div class=\"image\">\n\t\t\t\t\t\t<img decoding=\"async\" width=\"688\" height=\"880\" src=\"https:\/\/www.der-yacht-anwalt.de\/wp-content\/uploads\/2024\/05\/2023-02_ki-auf-superyachten_1.jpg\" class=\"attachment-718x1000 size-718x1000\" alt=\"\" srcset=\"https:\/\/www.der-yacht-anwalt.de\/wp-content\/uploads\/2024\/05\/2023-02_ki-auf-superyachten_1.jpg 688w, https:\/\/www.der-yacht-anwalt.de\/wp-content\/uploads\/2024\/05\/2023-02_ki-auf-superyachten_1-235x300.jpg 235w\" sizes=\"(max-width: 688px) 100vw, 688px\" \/>\t\t\t\t\t<\/div>\n\t\t\t\t\n\t\t\t\t<div class=\"content\">\n\t\t\t\t\t\t\t\t\t\t\t<h6 class=\"headline text-center\">Ausgabe 2\/2023:<\/h6>\n\t\t\t\t\t                    \t\t\t\t\t\t<p class=\"subline text-center\">KI auf SuperYachten I<\/p>\n\t\t\t\t\t\t\t\t\t\t\n\t\t\t\t<\/div>\n\t\t\t<\/div>\n\t\t\t\t\t<div class=\"item\">\n                                    <a href=\"https:\/\/www.der-yacht-anwalt.de\/wp-content\/uploads\/2024\/04\/ki_auf_yachten_teil_2.pdf\" class=\"full-link\" target=\"_blank\"><\/a>\n                \t\t\t\t\t\t\t\t\t<div class=\"image\">\n\t\t\t\t\t\t<img decoding=\"async\" width=\"684\" height=\"878\" src=\"https:\/\/www.der-yacht-anwalt.de\/wp-content\/uploads\/2024\/05\/2023-03_ki-auf-superyachten_2.jpg\" class=\"attachment-718x1000 size-718x1000\" alt=\"\" srcset=\"https:\/\/www.der-yacht-anwalt.de\/wp-content\/uploads\/2024\/05\/2023-03_ki-auf-superyachten_2.jpg 684w, https:\/\/www.der-yacht-anwalt.de\/wp-content\/uploads\/2024\/05\/2023-03_ki-auf-superyachten_2-234x300.jpg 234w\" sizes=\"(max-width: 684px) 100vw, 684px\" \/>\t\t\t\t\t<\/div>\n\t\t\t\t\n\t\t\t\t<div class=\"content\">\n\t\t\t\t\t\t\t\t\t\t\t<h6 class=\"headline text-center\">Ausgabe 3\/2023<\/h6>\n\t\t\t\t\t                    \t\t\t\t\t\t<p class=\"subline text-center\">KI auf SuperYachten II<\/p>\n\t\t\t\t\t\t\t\t\t\t\n\t\t\t\t<\/div>\n\t\t\t<\/div>\n\t\t\t<\/div>\n<\/div>\n\n\n\n\n\n<div style=\"height:30px\" aria-hidden=\"true\" class=\"wp-block-spacer\"><\/div>\n\n\n<!--blockstudio\/blockstudio\/teaser-->\n<div id=\"blockstudio-0bab6e11dd6d\" class=\"px-teaser\">\n\t<div class=\"px-teaser-inner \">\n\t\t\t\t\t<div class=\"item\">\n                                    <a href=\"https:\/\/www.der-yacht-anwalt.de\/wp-content\/uploads\/2024\/04\/my_inhalt_0122_rechtskolumne.pdf\" class=\"full-link\" target=\"_blank\"><\/a>\n                \t\t\t\t\t\t\t\t\t<div class=\"image\">\n\t\t\t\t\t\t<img decoding=\"async\" width=\"718\" height=\"914\" src=\"https:\/\/www.der-yacht-anwalt.de\/wp-content\/uploads\/2024\/05\/2022-01_tipps-fuer-neueinsteiger_1.jpg\" class=\"attachment-718x1000 size-718x1000\" alt=\"\" srcset=\"https:\/\/www.der-yacht-anwalt.de\/wp-content\/uploads\/2024\/05\/2022-01_tipps-fuer-neueinsteiger_1.jpg 800w, https:\/\/www.der-yacht-anwalt.de\/wp-content\/uploads\/2024\/05\/2022-01_tipps-fuer-neueinsteiger_1-236x300.jpg 236w, https:\/\/www.der-yacht-anwalt.de\/wp-content\/uploads\/2024\/05\/2022-01_tipps-fuer-neueinsteiger_1-768x977.jpg 768w\" sizes=\"(max-width: 718px) 100vw, 718px\" \/>\t\t\t\t\t<\/div>\n\t\t\t\t\n\t\t\t\t<div class=\"content\">\n\t\t\t\t\t\t\t\t\t\t\t<h6 class=\"headline text-center\">Ausgabe 1\/2022:<\/h6>\n\t\t\t\t\t                    \t\t\t\t\t\t<p class=\"subline text-center\">&#8220;Tipps f\u00fcr Neueinsteiger Teil 1&#8221;<\/p>\n\t\t\t\t\t\t\t\t\t\t\n\t\t\t\t<\/div>\n\t\t\t<\/div>\n\t\t\t\t\t<div class=\"item\">\n                                    <a href=\"https:\/\/www.der-yacht-anwalt.de\/wp-content\/uploads\/2024\/04\/my_yachtrecht_0222.pdf\" class=\"full-link\" target=\"_blank\"><\/a>\n                \t\t\t\t\t\t\t\t\t<div class=\"image\">\n\t\t\t\t\t\t<img decoding=\"async\" width=\"626\" height=\"795\" src=\"https:\/\/www.der-yacht-anwalt.de\/wp-content\/uploads\/2024\/05\/2022-02_tipps-fuer-neueinsteiger_2.jpg\" class=\"attachment-718x1000 size-718x1000\" alt=\"\" srcset=\"https:\/\/www.der-yacht-anwalt.de\/wp-content\/uploads\/2024\/05\/2022-02_tipps-fuer-neueinsteiger_2.jpg 626w, https:\/\/www.der-yacht-anwalt.de\/wp-content\/uploads\/2024\/05\/2022-02_tipps-fuer-neueinsteiger_2-236x300.jpg 236w\" sizes=\"(max-width: 626px) 100vw, 626px\" \/>\t\t\t\t\t<\/div>\n\t\t\t\t\n\t\t\t\t<div class=\"content\">\n\t\t\t\t\t\t\t\t\t\t\t<h6 class=\"headline text-center\">Ausgabe 2\/2022:<\/h6>\n\t\t\t\t\t                    \t\t\t\t\t\t<p class=\"subline text-center\">&#8220;Tipps f\u00fcr Neueinsteiger Teil 2&#8221;<\/p>\n\t\t\t\t\t\t\t\t\t\t\n\t\t\t\t<\/div>\n\t\t\t<\/div>\n\t\t\t\t\t<div class=\"item\">\n                                    <a href=\"https:\/\/www.der-yacht-anwalt.de\/wp-content\/uploads\/2024\/04\/my-32022.pdf\" class=\"full-link\" target=\"_blank\"><\/a>\n                \t\t\t\t\t\t\t\t\t<div class=\"image\">\n\t\t\t\t\t\t<img decoding=\"async\" width=\"602\" height=\"826\" src=\"https:\/\/www.der-yacht-anwalt.de\/wp-content\/uploads\/2024\/05\/2022-03_interview-cannes.jpg\" class=\"attachment-718x1000 size-718x1000\" alt=\"\" srcset=\"https:\/\/www.der-yacht-anwalt.de\/wp-content\/uploads\/2024\/05\/2022-03_interview-cannes.jpg 602w, https:\/\/www.der-yacht-anwalt.de\/wp-content\/uploads\/2024\/05\/2022-03_interview-cannes-219x300.jpg 219w\" sizes=\"(max-width: 602px) 100vw, 602px\" \/>\t\t\t\t\t<\/div>\n\t\t\t\t\n\t\t\t\t<div class=\"content\">\n\t\t\t\t\t\t\t\t\t\t\t<h6 class=\"headline text-center\">Ausgabe 3\/2022:<\/h6>\n\t\t\t\t\t                    \t\t\t\t\t\t<p class=\"subline text-center\">Interview Cannes<\/p>\n\t\t\t\t\t\t\t\t\t\t\n\t\t\t\t<\/div>\n\t\t\t<\/div>\n\t\t\t<\/div>\n<\/div>\n\n\n\n\n\n<div style=\"height:30px\" aria-hidden=\"true\" class=\"wp-block-spacer\"><\/div>\n\n\n<!--blockstudio\/blockstudio\/teaser-->\n<div id=\"blockstudio-50a1f05c5194\" class=\"px-teaser\">\n\t<div class=\"px-teaser-inner \">\n\t\t\t\t\t<div class=\"item\">\n                                    <a href=\"https:\/\/www.der-yacht-anwalt.de\/wp-content\/uploads\/2024\/04\/leadership_auf_yachten_2021.pdf\" class=\"full-link\" target=\"_blank\"><\/a>\n                \t\t\t\t\t\t\t\t\t<div class=\"image\">\n\t\t\t\t\t\t<img decoding=\"async\" width=\"624\" height=\"794\" src=\"https:\/\/www.der-yacht-anwalt.de\/wp-content\/uploads\/2024\/05\/2021-01_leadership-auf-yachten.png\" class=\"attachment-718x1000 size-718x1000\" alt=\"\" srcset=\"https:\/\/www.der-yacht-anwalt.de\/wp-content\/uploads\/2024\/05\/2021-01_leadership-auf-yachten.png 624w, https:\/\/www.der-yacht-anwalt.de\/wp-content\/uploads\/2024\/05\/2021-01_leadership-auf-yachten-236x300.png 236w\" sizes=\"(max-width: 624px) 100vw, 624px\" \/>\t\t\t\t\t<\/div>\n\t\t\t\t\n\t\t\t\t<div class=\"content\">\n\t\t\t\t\t\t\t\t\t\t\t<h6 class=\"headline text-center\">Ausgabe 1\/2021:<\/h6>\n\t\t\t\t\t                    \t\t\t\t\t\t<p class=\"subline text-center\">&#8220;Leadership auf Yachten&#8221;<\/p>\n\t\t\t\t\t\t\t\t\t\t\n\t\t\t\t<\/div>\n\t\t\t<\/div>\n\t\t\t\t\t<div class=\"item\">\n                                    <a href=\"https:\/\/www.der-yacht-anwalt.de\/wp-content\/uploads\/2024\/04\/my_0221-haftung_und_bergung.pdf\" class=\"full-link\" target=\"_blank\"><\/a>\n                \t\t\t\t\t\t\t\t\t<div class=\"image\">\n\t\t\t\t\t\t<img decoding=\"async\" width=\"642\" height=\"820\" src=\"https:\/\/www.der-yacht-anwalt.de\/wp-content\/uploads\/2024\/05\/2021-02_haftung-und-bergung.jpg\" class=\"attachment-718x1000 size-718x1000\" alt=\"\" srcset=\"https:\/\/www.der-yacht-anwalt.de\/wp-content\/uploads\/2024\/05\/2021-02_haftung-und-bergung.jpg 642w, https:\/\/www.der-yacht-anwalt.de\/wp-content\/uploads\/2024\/05\/2021-02_haftung-und-bergung-235x300.jpg 235w\" sizes=\"(max-width: 642px) 100vw, 642px\" \/>\t\t\t\t\t<\/div>\n\t\t\t\t\n\t\t\t\t<div class=\"content\">\n\t\t\t\t\t\t\t\t\t\t\t<h6 class=\"headline text-center\">Ausgabe 2\/2021:<\/h6>\n\t\t\t\t\t                    \t\t\t\t\t\t<p class=\"subline text-center\">&#8220;Haftung und Bergung&#8221;<\/p>\n\t\t\t\t\t\t\t\t\t\t\n\t\t\t\t<\/div>\n\t\t\t<\/div>\n\t\t\t\t\t<div class=\"item\">\n                                    <a href=\"https:\/\/www.der-yacht-anwalt.de\/wp-content\/uploads\/2024\/04\/my_inhalt_0321_yacht_arrest.pdf\" class=\"full-link\" target=\"_blank\"><\/a>\n                \t\t\t\t\t\t\t\t\t<div class=\"image\">\n\t\t\t\t\t\t<img decoding=\"async\" width=\"624\" height=\"794\" src=\"https:\/\/www.der-yacht-anwalt.de\/wp-content\/uploads\/2024\/05\/2021-03_yacht-arrest.png\" class=\"attachment-718x1000 size-718x1000\" alt=\"\" srcset=\"https:\/\/www.der-yacht-anwalt.de\/wp-content\/uploads\/2024\/05\/2021-03_yacht-arrest.png 624w, https:\/\/www.der-yacht-anwalt.de\/wp-content\/uploads\/2024\/05\/2021-03_yacht-arrest-236x300.png 236w\" sizes=\"(max-width: 624px) 100vw, 624px\" \/>\t\t\t\t\t<\/div>\n\t\t\t\t\n\t\t\t\t<div class=\"content\">\n\t\t\t\t\t\t\t\t\t\t\t<h6 class=\"headline text-center\">Ausgabe 3\/2021:<\/h6>\n\t\t\t\t\t                    \t\t\t\t\t\t<p class=\"subline text-center\">&#8220;Yacht-Arrest&#8221;<\/p>\n\t\t\t\t\t\t\t\t\t\t\n\t\t\t\t<\/div>\n\t\t\t<\/div>\n\t\t\t<\/div>\n<\/div>\n\n\n\n\n\n<div style=\"height:30px\" aria-hidden=\"true\" class=\"wp-block-spacer\"><\/div>\n\n\n<!--blockstudio\/blockstudio\/teaser-->\n<div id=\"blockstudio-751c723ef2df\" class=\"px-teaser\">\n\t<div class=\"px-teaser-inner \">\n\t\t\t\t\t<div class=\"item\">\n                                    <a href=\"https:\/\/www.der-yacht-anwalt.de\/wp-content\/uploads\/2024\/04\/yachticum_2020.pdf\" class=\"full-link\" target=\"_blank\"><\/a>\n                \t\t\t\t\t\t\t\t\t<div class=\"image\">\n\t\t\t\t\t\t<img decoding=\"async\" width=\"624\" height=\"794\" src=\"https:\/\/www.der-yacht-anwalt.de\/wp-content\/uploads\/2024\/05\/2020-01_yachticum.png\" class=\"attachment-718x1000 size-718x1000\" alt=\"\" srcset=\"https:\/\/www.der-yacht-anwalt.de\/wp-content\/uploads\/2024\/05\/2020-01_yachticum.png 624w, https:\/\/www.der-yacht-anwalt.de\/wp-content\/uploads\/2024\/05\/2020-01_yachticum-236x300.png 236w\" sizes=\"(max-width: 624px) 100vw, 624px\" \/>\t\t\t\t\t<\/div>\n\t\t\t\t\n\t\t\t\t<div class=\"content\">\n\t\t\t\t\t\t\t\t\t\t\t<h6 class=\"headline text-center\">Ausgabe 1\/2020:<\/h6>\n\t\t\t\t\t                    \t\t\t\t\t\t<p class=\"subline text-center\">&#8220;YACHTICUM 2020&#8221;<\/p>\n\t\t\t\t\t\t\t\t\t\t\n\t\t\t\t<\/div>\n\t\t\t<\/div>\n\t\t\t\t\t<div class=\"item\">\n                                    <a href=\"https:\/\/www.der-yacht-anwalt.de\/wp-content\/uploads\/2024\/04\/my2-2020_corona_und_yachtbranche.pdf\" class=\"full-link\" target=\"_blank\"><\/a>\n                \t\t\t\t\t\t\t\t\t<div class=\"image\">\n\t\t\t\t\t\t<img decoding=\"async\" width=\"718\" height=\"922\" src=\"https:\/\/www.der-yacht-anwalt.de\/wp-content\/uploads\/2024\/05\/2020-02_yacht-und-corona.jpg\" class=\"attachment-718x1000 size-718x1000\" alt=\"\" srcset=\"https:\/\/www.der-yacht-anwalt.de\/wp-content\/uploads\/2024\/05\/2020-02_yacht-und-corona.jpg 821w, https:\/\/www.der-yacht-anwalt.de\/wp-content\/uploads\/2024\/05\/2020-02_yacht-und-corona-234x300.jpg 234w, https:\/\/www.der-yacht-anwalt.de\/wp-content\/uploads\/2024\/05\/2020-02_yacht-und-corona-798x1024.jpg 798w, https:\/\/www.der-yacht-anwalt.de\/wp-content\/uploads\/2024\/05\/2020-02_yacht-und-corona-768x986.jpg 768w\" sizes=\"(max-width: 718px) 100vw, 718px\" \/>\t\t\t\t\t<\/div>\n\t\t\t\t\n\t\t\t\t<div class=\"content\">\n\t\t\t\t\t\t\t\t\t\t\t<h6 class=\"headline text-center\">Ausgabe 2\/2020:<\/h6>\n\t\t\t\t\t                    \t\t\t\t\t\t<p class=\"subline text-center\">&#8220;Yacht &#038; Corona&#8221;<\/p>\n\t\t\t\t\t\t\t\t\t\t\n\t\t\t\t<\/div>\n\t\t\t<\/div>\n\t\t\t<\/div>\n<\/div>\n\n\n\n\n\n<div style=\"height:30px\" aria-hidden=\"true\" class=\"wp-block-spacer\"><\/div>\n\n\n<!--blockstudio\/blockstudio\/teaser-->\n<div id=\"blockstudio-0e9afa139b39\" class=\"px-teaser\">\n\t<div class=\"px-teaser-inner \">\n\t\t\t\t\t<div class=\"item\">\n                                    <a href=\"https:\/\/www.der-yacht-anwalt.de\/wp-content\/uploads\/2024\/04\/my_0119_yachtrecht_international_brexit_und_yachtindustrie.pdf\" class=\"full-link\" target=\"_blank\"><\/a>\n                \t\t\t\t\t\t\t\t\t<div class=\"image\">\n\t\t\t\t\t\t<img decoding=\"async\" width=\"638\" height=\"911\" src=\"https:\/\/www.der-yacht-anwalt.de\/wp-content\/uploads\/2024\/05\/2019-01_der-brexit_1.jpg\" class=\"attachment-718x1000 size-718x1000\" alt=\"\" srcset=\"https:\/\/www.der-yacht-anwalt.de\/wp-content\/uploads\/2024\/05\/2019-01_der-brexit_1.jpg 638w, https:\/\/www.der-yacht-anwalt.de\/wp-content\/uploads\/2024\/05\/2019-01_der-brexit_1-210x300.jpg 210w\" sizes=\"(max-width: 638px) 100vw, 638px\" \/>\t\t\t\t\t<\/div>\n\t\t\t\t\n\t\t\t\t<div class=\"content\">\n\t\t\t\t\t\t\t\t\t\t\t<h6 class=\"headline text-center\">Ausgabe 1\/2019:<\/h6>\n\t\t\t\t\t                    \t\t\t\t\t\t<p class=\"subline text-center\">&#8220;Der BREXIT: Grundlegende Ver\u00e4nderung  der Yacht-Industrie&#8221;<\/p>\n\t\t\t\t\t\t\t\t\t\t\n\t\t\t\t<\/div>\n\t\t\t<\/div>\n\t\t\t\t\t<div class=\"item\">\n                                    <a href=\"https:\/\/www.der-yacht-anwalt.de\/wp-content\/uploads\/2024\/04\/my_0219_brexit_ii_yachrecht.pdf\" class=\"full-link\" target=\"_blank\"><\/a>\n                \t\t\t\t\t\t\t\t\t<div class=\"image\">\n\t\t\t\t\t\t<img decoding=\"async\" width=\"607\" height=\"842\" src=\"https:\/\/www.der-yacht-anwalt.de\/wp-content\/uploads\/2024\/05\/2019-02_der-brexit_2.png\" class=\"attachment-718x1000 size-718x1000\" alt=\"\" srcset=\"https:\/\/www.der-yacht-anwalt.de\/wp-content\/uploads\/2024\/05\/2019-02_der-brexit_2.png 607w, https:\/\/www.der-yacht-anwalt.de\/wp-content\/uploads\/2024\/05\/2019-02_der-brexit_2-216x300.png 216w\" sizes=\"(max-width: 607px) 100vw, 607px\" \/>\t\t\t\t\t<\/div>\n\t\t\t\t\n\t\t\t\t<div class=\"content\">\n\t\t\t\t\t\t\t\t\t\t\t<h6 class=\"headline text-center\">Ausgabe 2\/2019:<\/h6>\n\t\t\t\t\t                    \t\t\t\t\t\t<p class=\"subline text-center\">&#8220;Der BREXIT: Grundlegende Ver\u00e4nderung  der Yacht-Industrie II&#8221;<\/p>\n\t\t\t\t\t\t\t\t\t\t\n\t\t\t\t<\/div>\n\t\t\t<\/div>\n\t\t\t\t\t<div class=\"item\">\n                                    <a href=\"https:\/\/www.der-yacht-anwalt.de\/wp-content\/uploads\/2024\/04\/my_0319_neue_yacht_vat_modelle_kroatien_malta.pdf\" class=\"full-link\" target=\"_blank\"><\/a>\n                \t\t\t\t\t\t\t\t\t<div class=\"image\">\n\t\t\t\t\t\t<img decoding=\"async\" width=\"659\" height=\"914\" src=\"https:\/\/www.der-yacht-anwalt.de\/wp-content\/uploads\/2024\/05\/2019-03_neue-yacht-vat-modelle-kroatien-malta.jpg\" class=\"attachment-718x1000 size-718x1000\" alt=\"\" srcset=\"https:\/\/www.der-yacht-anwalt.de\/wp-content\/uploads\/2024\/05\/2019-03_neue-yacht-vat-modelle-kroatien-malta.jpg 659w, https:\/\/www.der-yacht-anwalt.de\/wp-content\/uploads\/2024\/05\/2019-03_neue-yacht-vat-modelle-kroatien-malta-216x300.jpg 216w\" sizes=\"(max-width: 659px) 100vw, 659px\" \/>\t\t\t\t\t<\/div>\n\t\t\t\t\n\t\t\t\t<div class=\"content\">\n\t\t\t\t\t\t\t\t\t\t\t<h6 class=\"headline text-center\">Ausgabe 3\/2019:<\/h6>\n\t\t\t\t\t                    \t\t\t\t\t\t<p class=\"subline text-center\">&#8220;Neue Yacht-VAT-Modelle-Kroatien-Malta&#8221;<\/p>\n\t\t\t\t\t\t\t\t\t\t\n\t\t\t\t<\/div>\n\t\t\t<\/div>\n\t\t\t\t\t<div class=\"item\">\n                                    <a href=\"https:\/\/www.der-yacht-anwalt.de\/wp-content\/uploads\/2024\/04\/my_0419_yachtrecht_quo_vadis_kroatien.pdf\" class=\"full-link\" target=\"_blank\"><\/a>\n                \t\t\t\t\t\t\t\t\t<div class=\"image\">\n\t\t\t\t\t\t<img decoding=\"async\" width=\"607\" height=\"842\" src=\"https:\/\/www.der-yacht-anwalt.de\/wp-content\/uploads\/2024\/05\/2019-04_quo-vadis-kroatien.png\" class=\"attachment-718x1000 size-718x1000\" alt=\"\" srcset=\"https:\/\/www.der-yacht-anwalt.de\/wp-content\/uploads\/2024\/05\/2019-04_quo-vadis-kroatien.png 607w, https:\/\/www.der-yacht-anwalt.de\/wp-content\/uploads\/2024\/05\/2019-04_quo-vadis-kroatien-216x300.png 216w\" sizes=\"(max-width: 607px) 100vw, 607px\" \/>\t\t\t\t\t<\/div>\n\t\t\t\t\n\t\t\t\t<div class=\"content\">\n\t\t\t\t\t\t\t\t\t\t\t<h6 class=\"headline text-center\">Ausgabe 4\/2019:<\/h6>\n\t\t\t\t\t                    \t\t\t\t\t\t<p class=\"subline text-center\">&#8220;Quo Vadis Kroatien&#8221;<\/p>\n\t\t\t\t\t\t\t\t\t\t\n\t\t\t\t<\/div>\n\t\t\t<\/div>\n\t\t\t<\/div>\n<\/div>\n\n\n\n\n\n<div style=\"height:30px\" aria-hidden=\"true\" class=\"wp-block-spacer\"><\/div>\n\n\n<!--blockstudio\/blockstudio\/teaser-->\n<div id=\"blockstudio-f220e5a326b7\" class=\"px-teaser\">\n\t<div class=\"px-teaser-inner \">\n\t\t\t\t\t<div class=\"item\">\n                                    <a href=\"https:\/\/www.der-yacht-anwalt.de\/wp-content\/uploads\/2024\/04\/my_0218_yacht_umsatzsteuer_international.pdf\" class=\"full-link\" target=\"_blank\"><\/a>\n                \t\t\t\t\t\t\t\t\t<div class=\"image\">\n\t\t\t\t\t\t<img decoding=\"async\" width=\"595\" height=\"842\" src=\"https:\/\/www.der-yacht-anwalt.de\/wp-content\/uploads\/2024\/05\/2018-02_hexenwerk.png\" class=\"attachment-718x1000 size-718x1000\" alt=\"\" srcset=\"https:\/\/www.der-yacht-anwalt.de\/wp-content\/uploads\/2024\/05\/2018-02_hexenwerk.png 595w, https:\/\/www.der-yacht-anwalt.de\/wp-content\/uploads\/2024\/05\/2018-02_hexenwerk-212x300.png 212w\" sizes=\"(max-width: 595px) 100vw, 595px\" \/>\t\t\t\t\t<\/div>\n\t\t\t\t\n\t\t\t\t<div class=\"content\">\n\t\t\t\t\t\t\t\t\t\t\t<h6 class=\"headline text-center\">Ausgabe 2\/2018:<\/h6>\n\t\t\t\t\t                    \t\t\t\t\t\t<p class=\"subline text-center\">&#8220;&#8221;Hexenwerk&#8221; Yacht-Umsatzsteuer international&#8221;<\/p>\n\t\t\t\t\t\t\t\t\t\t\n\t\t\t\t<\/div>\n\t\t\t<\/div>\n\t\t\t\t\t<div class=\"item\">\n                                    <a href=\"https:\/\/www.der-yacht-anwalt.de\/wp-content\/uploads\/2024\/04\/my_0318_yachtrecht_refit_moderne_historische_yachten.pdf\" class=\"full-link\" target=\"_blank\"><\/a>\n                \t\t\t\t\t\t\t\t\t<div class=\"image\">\n\t\t\t\t\t\t<img decoding=\"async\" width=\"595\" height=\"842\" src=\"https:\/\/www.der-yacht-anwalt.de\/wp-content\/uploads\/2024\/05\/2018-03_rechtsfragen-rund-um-refits.png\" class=\"attachment-718x1000 size-718x1000\" alt=\"\" srcset=\"https:\/\/www.der-yacht-anwalt.de\/wp-content\/uploads\/2024\/05\/2018-03_rechtsfragen-rund-um-refits.png 595w, https:\/\/www.der-yacht-anwalt.de\/wp-content\/uploads\/2024\/05\/2018-03_rechtsfragen-rund-um-refits-212x300.png 212w\" sizes=\"(max-width: 595px) 100vw, 595px\" \/>\t\t\t\t\t<\/div>\n\t\t\t\t\n\t\t\t\t<div class=\"content\">\n\t\t\t\t\t\t\t\t\t\t\t<h6 class=\"headline text-center\">Ausgabe 3\/2018:<\/h6>\n\t\t\t\t\t                    \t\t\t\t\t\t<p class=\"subline text-center\">&#8220;Rechtsfragen rund um Refits von modernen und historischen Yachten&#8221;<\/p>\n\t\t\t\t\t\t\t\t\t\t\n\t\t\t\t<\/div>\n\t\t\t<\/div>\n\t\t\t\t\t<div class=\"item\">\n                                    <a href=\"https:\/\/www.der-yacht-anwalt.de\/wp-content\/uploads\/2024\/04\/my_0418_plaedoyer_fuer_rechtssichere_vertraege.pdf\" class=\"full-link\" target=\"_blank\"><\/a>\n                \t\t\t\t\t\t\t\t\t<div class=\"image\">\n\t\t\t\t\t\t<img decoding=\"async\" width=\"607\" height=\"842\" src=\"https:\/\/www.der-yacht-anwalt.de\/wp-content\/uploads\/2024\/05\/2018-04_yachtrecht-international.png\" class=\"attachment-718x1000 size-718x1000\" alt=\"\" srcset=\"https:\/\/www.der-yacht-anwalt.de\/wp-content\/uploads\/2024\/05\/2018-04_yachtrecht-international.png 607w, https:\/\/www.der-yacht-anwalt.de\/wp-content\/uploads\/2024\/05\/2018-04_yachtrecht-international-216x300.png 216w\" sizes=\"(max-width: 607px) 100vw, 607px\" \/>\t\t\t\t\t<\/div>\n\t\t\t\t\n\t\t\t\t<div class=\"content\">\n\t\t\t\t\t\t\t\t\t\t\t<h6 class=\"headline text-center\">Ausgabe 4\/2018:<\/h6>\n\t\t\t\t\t                    \t\t\t\t\t\t<p class=\"subline text-center\">&#8220;Yachtrecht international: Pl\u00e4doyer f\u00fcr rechtssichere Vertr\u00e4ge&#8221;<\/p>\n\t\t\t\t\t\t\t\t\t\t\n\t\t\t\t<\/div>\n\t\t\t<\/div>\n\t\t\t<\/div>\n<\/div>\n\n\n\n\n\n<hr class=\"wp-block-separator has-alpha-channel-opacity\"\/>\n\n\n<!--blockstudio\/blockstudio\/teaser-->\n<div id=\"blockstudio-9b841182f680\" class=\"px-teaser\">\n\t<div class=\"px-teaser-inner \">\n\t\t\t\t\t<div class=\"item\">\n                                    <a href=\"https:\/\/www.der-yacht-anwalt.de\/wp-content\/uploads\/2024\/04\/sz_yachting_so2021_cps_schliessmann_105.pdf\" class=\"full-link\" target=\"_blank\"><\/a>\n                \t\t\t\t\t\t\t\t\t<div class=\"image\">\n\t\t\t\t\t\t<img decoding=\"async\" width=\"250\" height=\"344\" src=\"https:\/\/www.der-yacht-anwalt.de\/wp-content\/uploads\/2024\/05\/erbe-superyacht.png\" class=\"attachment-718x1000 size-718x1000\" alt=\"\" srcset=\"https:\/\/www.der-yacht-anwalt.de\/wp-content\/uploads\/2024\/05\/erbe-superyacht.png 250w, https:\/\/www.der-yacht-anwalt.de\/wp-content\/uploads\/2024\/05\/erbe-superyacht-218x300.png 218w\" sizes=\"(max-width: 250px) 100vw, 250px\" \/>\t\t\t\t\t<\/div>\n\t\t\t\t\n\t\t\t\t<div class=\"content\">\n\t\t\t\t\t\t\t\t\t\t\t<h6 class=\"headline text-center\">ERBE Superyacht<\/h6>\n\t\t\t\t\t                    \t\t\t\t\t\t<p class=\"subline text-center\">lesen Sie hier<\/p>\n\t\t\t\t\t\t\t\t\t\t\n\t\t\t\t<\/div>\n\t\t\t<\/div>\n\t\t\t\t\t<div class=\"item\">\n                                    <a href=\"https:\/\/www.der-yacht-anwalt.de\/wp-content\/uploads\/2024\/04\/sz_yachting_kroatien_schliessmann.pdf\" class=\"full-link\" target=\"_blank\"><\/a>\n                \t\t\t\t\t\t\t\t\t<div class=\"image\">\n\t\t\t\t\t\t<img decoding=\"async\" width=\"250\" height=\"344\" src=\"https:\/\/www.der-yacht-anwalt.de\/wp-content\/uploads\/2024\/05\/die-kroatien-connection.png\" class=\"attachment-718x1000 size-718x1000\" alt=\"\" srcset=\"https:\/\/www.der-yacht-anwalt.de\/wp-content\/uploads\/2024\/05\/die-kroatien-connection.png 250w, https:\/\/www.der-yacht-anwalt.de\/wp-content\/uploads\/2024\/05\/die-kroatien-connection-218x300.png 218w\" sizes=\"(max-width: 250px) 100vw, 250px\" \/>\t\t\t\t\t<\/div>\n\t\t\t\t\n\t\t\t\t<div class=\"content\">\n\t\t\t\t\t\t\t\t\t\t\t<h6 class=\"headline text-center\">Die Kroatien Connection<\/h6>\n\t\t\t\t\t                    \t\t\t\t\t\t<p class=\"subline text-center\">lesen Sie hier<\/p>\n\t\t\t\t\t\t\t\t\t\t\n\t\t\t\t<\/div>\n\t\t\t<\/div>\n\t\t\t<\/div>\n<\/div>\n\n\n\n\n\n<hr class=\"wp-block-separator has-alpha-channel-opacity\"\/>\n\n\n\n<h2 class=\"wp-block-heading\">Fachbeitrag private-banking-magazin<\/h2>\n\n\n\n<p>Kommentar zum Malta-Yacht-Lease vom 04.05.2018:<br><a href=\"https:\/\/www.private-banking-magazin.de\/kommentar-zum-malta-yacht-lease-von-steuerverkuerzung-oder-haftrisiken-kann-keine-rede-sein\/\" target=\"_blank\" rel=\"noreferrer noopener nofollow\">&#8220;Von Steuerverk\u00fcrzung oder Haftrisiken kann keine Rede sein&#8221;<\/a><\/p>\n\n\n\n<hr class=\"wp-block-separator has-alpha-channel-opacity\"\/>\n\n\n\n<div class=\"wp-block-columns is-layout-flex wp-container-core-columns-is-layout-9d6595d7 wp-block-columns-is-layout-flex\">\n<div class=\"wp-block-column is-layout-flow wp-block-column-is-layout-flow\">\n<h2 class=\"wp-block-heading\">Fachbeitr\u00e4ge Boote EXCLUSIV<\/h2>\n<\/div>\n\n\n\n<div class=\"wp-block-column is-layout-flow wp-block-column-is-layout-flow\"><div class=\"wp-block-image\">\n<figure class=\"alignright size-full\"><img decoding=\"async\" width=\"339\" height=\"87\" src=\"https:\/\/www.der-yacht-anwalt.de\/wp-content\/uploads\/2024\/05\/boote-exclusive_logo.jpg\" alt=\"\" class=\"wp-image-1460\" srcset=\"https:\/\/www.der-yacht-anwalt.de\/wp-content\/uploads\/2024\/05\/boote-exclusive_logo.jpg 339w, https:\/\/www.der-yacht-anwalt.de\/wp-content\/uploads\/2024\/05\/boote-exclusive_logo-300x77.jpg 300w\" sizes=\"(max-width: 339px) 100vw, 339px\" \/><\/figure>\n<\/div><\/div>\n<\/div>\n\n\n\n<div style=\"height:50px\" aria-hidden=\"true\" class=\"wp-block-spacer\"><\/div>\n\n\n\n<h3 class=\"wp-block-heading has-text-align-center\">Ausgaben 2018<\/h3>\n\n\n\n<div style=\"height:20px\" aria-hidden=\"true\" class=\"wp-block-spacer\"><\/div>\n\n\n<!--blockstudio\/blockstudio\/teaser-->\n<div id=\"blockstudio-85eb3f02be75\" class=\"px-teaser\">\n\t<div class=\"px-teaser-inner hidden_images\">\n\t\t\t\t\t<div class=\"item\">\n                                    <a href=\"https:\/\/www.der-yacht-anwalt.de\/wp-content\/uploads\/2024\/04\/3-18-mustervertraege_und_ihre_tuecken.pdf\" class=\"full-link\" target=\"_blank\"><\/a>\n                \t\t\t\t\n\t\t\t\t<div class=\"content\">\n\t\t\t\t\t\t\t\t\t\t\t<h6 class=\"headline text-center\">Ausgabe 3\/2018<\/h6>\n\t\t\t\t\t                    \t\t\t\t\t\t<p class=\"subline text-center\">Mustervertr\u00e4ge und ihre T\u00fccken<\/p>\n\t\t\t\t\t\t\t\t\t\t\n\t\t\t\t<\/div>\n\t\t\t<\/div>\n\t\t\t\t\t<div class=\"item\">\n                                    <a href=\"https:\/\/www.der-yacht-anwalt.de\/wp-content\/uploads\/2024\/04\/2-18-yachtimporte_aus_der_tuerkei.pdf\" class=\"full-link\" target=\"_blank\"><\/a>\n                \t\t\t\t\n\t\t\t\t<div class=\"content\">\n\t\t\t\t\t\t\t\t\t\t\t<h6 class=\"headline text-center\">Ausgabe 2\/2018<\/h6>\n\t\t\t\t\t                    \t\t\t\t\t\t<p class=\"subline text-center\">Yachtimporte aus der T\u00fcrkei<\/p>\n\t\t\t\t\t\t\t\t\t\t\n\t\t\t\t<\/div>\n\t\t\t<\/div>\n\t\t\t\t\t<div class=\"item\">\n                                    <a href=\"https:\/\/www.der-yacht-anwalt.de\/wp-content\/uploads\/2024\/04\/1-18-erbe-yacht-doppelbesteuerung.pdf\" class=\"full-link\" target=\"_blank\"><\/a>\n                \t\t\t\t\n\t\t\t\t<div class=\"content\">\n\t\t\t\t\t\t\t\t\t\t\t<h6 class=\"headline text-center\">Ausgabe 1\/2018<\/h6>\n\t\t\t\t\t                    \t\t\t\t\t\t<p class=\"subline text-center\">Was wird vererbt? Yachten und Doppelbesteuerung<\/p>\n\t\t\t\t\t\t\t\t\t\t\n\t\t\t\t<\/div>\n\t\t\t<\/div>\n\t\t\t<\/div>\n<\/div>\n\n\n\n\n\n<div style=\"height:50px\" aria-hidden=\"true\" class=\"wp-block-spacer\"><\/div>\n\n\n\n<h3 class=\"wp-block-heading has-text-align-center\">Ausgaben 2017<\/h3>\n\n\n\n<div style=\"height:20px\" aria-hidden=\"true\" class=\"wp-block-spacer\"><\/div>\n\n\n<!--blockstudio\/blockstudio\/teaser-->\n<div id=\"blockstudio-550f7ffa35fd\" class=\"px-teaser\">\n\t<div class=\"px-teaser-inner hidden_images\">\n\t\t\t\t\t<div class=\"item\">\n                                    <a href=\"https:\/\/www.der-yacht-anwalt.de\/wp-content\/uploads\/2024\/04\/06-17-yacht-erbe-steuern-erbrecht.pdf\" class=\"full-link\" target=\"_blank\"><\/a>\n                \t\t\t\t\n\t\t\t\t<div class=\"content\">\n\t\t\t\t\t\t\t\t\t\t\t<h6 class=\"headline text-center\">Ausgabe 6\/2017<\/h6>\n\t\t\t\t\t                    \t\t\t\t\t\t<p class=\"subline text-center\">Wie wird vererbt? Yacht-Erbf\u00e4lle k\u00f6nnen komplizierte Konstrukte sein<\/p>\n\t\t\t\t\t\t\t\t\t\t\n\t\t\t\t<\/div>\n\t\t\t<\/div>\n\t\t\t\t\t<div class=\"item\">\n                                    <a href=\"https:\/\/www.der-yacht-anwalt.de\/wp-content\/uploads\/2024\/04\/05-17-yacht-crew-versicherung-sozialrecht.pdf\" class=\"full-link\" target=\"_blank\"><\/a>\n                \t\t\t\t\n\t\t\t\t<div class=\"content\">\n\t\t\t\t\t\t\t\t\t\t\t<h6 class=\"headline text-center\">Ausgabe 5\/2017<\/h6>\n\t\t\t\t\t                    \t\t\t\t\t\t<p class=\"subline text-center\">Pflichtprogramm: Crew-Versicherung und Sozialabgaben<\/p>\n\t\t\t\t\t\t\t\t\t\t\n\t\t\t\t<\/div>\n\t\t\t<\/div>\n\t\t\t\t\t<div class=\"item\">\n                                    <a href=\"https:\/\/www.der-yacht-anwalt.de\/wp-content\/uploads\/2024\/04\/04-17-yacht-malta-hybrid-modell-registrierung-pleasure-commercial.pdf\" class=\"full-link\" target=\"_blank\"><\/a>\n                \t\t\t\t\n\t\t\t\t<div class=\"content\">\n\t\t\t\t\t\t\t\t\t\t\t<h6 class=\"headline text-center\">Ausgabe 4\/2017<\/h6>\n\t\t\t\t\t                    \t\t\t\t\t\t<p class=\"subline text-center\">Das maltesische Hybrid-Modell<\/p>\n\t\t\t\t\t\t\t\t\t\t\n\t\t\t\t<\/div>\n\t\t\t<\/div>\n\t\t\t\t\t<div class=\"item\">\n                                    <a href=\"https:\/\/www.der-yacht-anwalt.de\/wp-content\/uploads\/2024\/04\/03-17-yacht-charter-pauschalreise.pdf\" class=\"full-link\" target=\"_blank\"><\/a>\n                \t\t\t\t\n\t\t\t\t<div class=\"content\">\n\t\t\t\t\t\t\t\t\t\t\t<h6 class=\"headline text-center\">Ausgabe 3\/2017<\/h6>\n\t\t\t\t\t                    \t\t\t\t\t\t<p class=\"subline text-center\">Charter oder Pauschalreise?<\/p>\n\t\t\t\t\t\t\t\t\t\t\n\t\t\t\t<\/div>\n\t\t\t<\/div>\n\t\t\t\t\t<div class=\"item\">\n                                    <a href=\"https:\/\/www.der-yacht-anwalt.de\/wp-content\/uploads\/2024\/04\/02-17-yachtkauf-verbraucherschutz-verbraucherrecht.pdf\" class=\"full-link\" target=\"_blank\"><\/a>\n                \t\t\t\t\n\t\t\t\t<div class=\"content\">\n\t\t\t\t\t\t\t\t\t\t\t<h6 class=\"headline text-center\">Ausgabe 2\/2017<\/h6>\n\t\t\t\t\t                    \t\t\t\t\t\t<p class=\"subline text-center\">Augen auf beim Verbraucherschutz<\/p>\n\t\t\t\t\t\t\t\t\t\t\n\t\t\t\t<\/div>\n\t\t\t<\/div>\n\t\t\t\t\t<div class=\"item\">\n                                    <a href=\"https:\/\/www.der-yacht-anwalt.de\/wp-content\/uploads\/2024\/04\/01-17-_yacht-schadensminderungspflicht-havarie-schaden.pdf\" class=\"full-link\" target=\"_blank\"><\/a>\n                \t\t\t\t\n\t\t\t\t<div class=\"content\">\n\t\t\t\t\t\t\t\t\t\t\t<h6 class=\"headline text-center\">Ausgabe 1\/2017<\/h6>\n\t\t\t\t\t                    \t\t\t\t\t\t<p class=\"subline text-center\">Schadensminderungsfalle<\/p>\n\t\t\t\t\t\t\t\t\t\t\n\t\t\t\t<\/div>\n\t\t\t<\/div>\n\t\t\t<\/div>\n<\/div>\n\n\n\n\n\n<div style=\"height:50px\" aria-hidden=\"true\" class=\"wp-block-spacer\"><\/div>\n\n\n\n<h3 class=\"wp-block-heading has-text-align-center\">Ausgaben 2016<\/h3>\n\n\n\n<div style=\"height:20px\" aria-hidden=\"true\" class=\"wp-block-spacer\"><\/div>\n\n\n<!--blockstudio\/blockstudio\/teaser-->\n<div id=\"blockstudio-fa203ee2adb3\" class=\"px-teaser\">\n\t<div class=\"px-teaser-inner hidden_images\">\n\t\t\t\t\t<div class=\"item\">\n                                    <a href=\"https:\/\/www.der-yacht-anwalt.de\/wp-content\/uploads\/2024\/04\/06-16-yachtindustrie-brexit-folgen.pdf\" class=\"full-link\" target=\"_blank\"><\/a>\n                \t\t\t\t\n\t\t\t\t<div class=\"content\">\n\t\t\t\t\t\t\t\t\t\t\t<h6 class=\"headline text-center\">Ausgabe 6\/2016<\/h6>\n\t\t\t\t\t                    \t\t\t\t\t\t<p class=\"subline text-center\">Der englische Patient und die Yachtindustrie<\/p>\n\t\t\t\t\t\t\t\t\t\t\n\t\t\t\t<\/div>\n\t\t\t<\/div>\n\t\t\t\t\t<div class=\"item\">\n                                    <a href=\"https:\/\/www.der-yacht-anwalt.de\/wp-content\/uploads\/2024\/04\/05-16-yacht-perfektion-yachtbau-yachtkauf-1.pdf\" class=\"full-link\" target=\"_blank\"><\/a>\n                \t\t\t\t\n\t\t\t\t<div class=\"content\">\n\t\t\t\t\t\t\t\t\t\t\t<h6 class=\"headline text-center\">Ausgabe 5\/2016<\/h6>\n\t\t\t\t\t                    \t\t\t\t\t\t<p class=\"subline text-center\">Der lange Weg bis zur Perfektion<\/p>\n\t\t\t\t\t\t\t\t\t\t\n\t\t\t\t<\/div>\n\t\t\t<\/div>\n\t\t\t\t\t<div class=\"item\">\n                                    <a href=\"https:\/\/www.der-yacht-anwalt.de\/wp-content\/uploads\/2024\/04\/03-16-yacht-kanaren-registrierung-steuern.pdf\" class=\"full-link\" target=\"_blank\"><\/a>\n                \t\t\t\t\n\t\t\t\t<div class=\"content\">\n\t\t\t\t\t\t\t\t\t\t\t<h6 class=\"headline text-center\">Ausgabe 3\/2016<\/h6>\n\t\t\t\t\t                    \t\t\t\t\t\t<p class=\"subline text-center\">Warum nicht auf die Kanaren?<\/p>\n\t\t\t\t\t\t\t\t\t\t\n\t\t\t\t<\/div>\n\t\t\t<\/div>\n\t\t\t\t\t<div class=\"item\">\n                                    <a href=\"https:\/\/www.der-yacht-anwalt.de\/wp-content\/uploads\/2024\/04\/02-16-yachtkauf-haftung-gewaehrleistung-garantie-1.pdf\" class=\"full-link\" target=\"_blank\"><\/a>\n                \t\t\t\t\n\t\t\t\t<div class=\"content\">\n\t\t\t\t\t\t\t\t\t\t\t<h6 class=\"headline text-center\">Ausgabe 2\/2016<\/h6>\n\t\t\t\t\t                    \t\t\t\t\t\t<p class=\"subline text-center\">Wer haftet wann beim Yachtkauf?<\/p>\n\t\t\t\t\t\t\t\t\t\t\n\t\t\t\t<\/div>\n\t\t\t<\/div>\n\t\t\t\t\t<div class=\"item\">\n                                    <a href=\"https:\/\/www.der-yacht-anwalt.de\/wp-content\/uploads\/2024\/04\/01-16-yacht-bau-preis-risiken-steuern.pdf\" class=\"full-link\" target=\"_blank\"><\/a>\n                \t\t\t\t\n\t\t\t\t<div class=\"content\">\n\t\t\t\t\t\t\t\t\t\t\t<h6 class=\"headline text-center\">Ausgabe 1\/2016<\/h6>\n\t\t\t\t\t                    \t\t\t\t\t\t<p class=\"subline text-center\">Wenn der Preis den Bau diktiert. Steuerliche Probleme.<\/p>\n\t\t\t\t\t\t\t\t\t\t\n\t\t\t\t<\/div>\n\t\t\t<\/div>\n\t\t\t<\/div>\n<\/div>\n\n\n\n\n\n<div style=\"height:50px\" aria-hidden=\"true\" class=\"wp-block-spacer\"><\/div>\n\n\n\n<h3 class=\"wp-block-heading has-text-align-center\">Ausgaben 2015<\/h3>\n\n\n\n<div style=\"height:20px\" aria-hidden=\"true\" class=\"wp-block-spacer\"><\/div>\n\n\n<!--blockstudio\/blockstudio\/teaser-->\n<div id=\"blockstudio-3bdd95e0e4c7\" class=\"px-teaser\">\n\t<div class=\"px-teaser-inner hidden_images\">\n\t\t\t\t\t<div class=\"item\">\n                                    <a href=\"https:\/\/www.der-yacht-anwalt.de\/wp-content\/uploads\/2024\/04\/06-15-yachtkauf-gewaehrleistung-nacherfuellung-garantie.pdf\" class=\"full-link\" target=\"_blank\"><\/a>\n                \t\t\t\t\n\t\t\t\t<div class=\"content\">\n\t\t\t\t\t\t\t\t\t\t\t<h6 class=\"headline text-center\">Ausgabe 6\/2015<\/h6>\n\t\t\t\t\t                    \t\t\t\t\t\t<p class=\"subline text-center\">Wo wird denn nachgebessert?<\/p>\n\t\t\t\t\t\t\t\t\t\t\n\t\t\t\t<\/div>\n\t\t\t<\/div>\n\t\t\t\t\t<div class=\"item\">\n                                    <a href=\"https:\/\/www.der-yacht-anwalt.de\/wp-content\/uploads\/2024\/04\/05-15-yacht-charter-steuer.pdf\" class=\"full-link\" target=\"_blank\"><\/a>\n                \t\t\t\t\n\t\t\t\t<div class=\"content\">\n\t\t\t\t\t\t\t\t\t\t\t<h6 class=\"headline text-center\">Ausgabe 5\/2015<\/h6>\n\t\t\t\t\t                    \t\t\t\t\t\t<p class=\"subline text-center\">Welche Steuer beim Chartern?<\/p>\n\t\t\t\t\t\t\t\t\t\t\n\t\t\t\t<\/div>\n\t\t\t<\/div>\n\t\t\t\t\t<div class=\"item\">\n                                    <a href=\"https:\/\/www.der-yacht-anwalt.de\/wp-content\/uploads\/2024\/04\/03-15-superyacht-bau-recht-2-1.pdf\" class=\"full-link\" target=\"_blank\"><\/a>\n                \t\t\t\t\n\t\t\t\t<div class=\"content\">\n\t\t\t\t\t\t\t\t\t\t\t<h6 class=\"headline text-center\">Ausgabe 3\/2015<\/h6>\n\t\t\t\t\t                    \t\t\t\t\t\t<p class=\"subline text-center\">Recht beim Bau einer Superyacht &#8211; Teil 2 Wann ist eine Yacht perfekt?<\/p>\n\t\t\t\t\t\t\t\t\t\t\n\t\t\t\t<\/div>\n\t\t\t<\/div>\n\t\t\t\t\t<div class=\"item\">\n                                    <a href=\"https:\/\/www.der-yacht-anwalt.de\/wp-content\/uploads\/2024\/04\/02-15-superyacht-bau-recht-1-1.pdf\" class=\"full-link\" target=\"_blank\"><\/a>\n                \t\t\t\t\n\t\t\t\t<div class=\"content\">\n\t\t\t\t\t\t\t\t\t\t\t<h6 class=\"headline text-center\">Ausgabe 2\/2015<\/h6>\n\t\t\t\t\t                    \t\t\t\t\t\t<p class=\"subline text-center\">Recht beim Bau einer Superyacht &#8211; Teil 1<\/p>\n\t\t\t\t\t\t\t\t\t\t\n\t\t\t\t<\/div>\n\t\t\t<\/div>\n\t\t\t\t\t<div class=\"item\">\n                                    <a href=\"https:\/\/www.der-yacht-anwalt.de\/wp-content\/uploads\/2024\/04\/01-15-yacht-commercial-scheinloesung.pdf\" class=\"full-link\" target=\"_blank\"><\/a>\n                \t\t\t\t\n\t\t\t\t<div class=\"content\">\n\t\t\t\t\t\t\t\t\t\t\t<h6 class=\"headline text-center\">Ausgabe 1\/2015<\/h6>\n\t\t\t\t\t                    \t\t\t\t\t\t<p class=\"subline text-center\">Tarnkappe ohne Wirkung &#8211; zu Commercial Structures<\/p>\n\t\t\t\t\t\t\t\t\t\t\n\t\t\t\t<\/div>\n\t\t\t<\/div>\n\t\t\t<\/div>\n<\/div>\n\n\n\n\n\n<div style=\"height:50px\" aria-hidden=\"true\" class=\"wp-block-spacer\"><\/div>\n\n\n\n<h3 class=\"wp-block-heading has-text-align-center\">Ausgaben 2014<\/h3>\n\n\n\n<div style=\"height:20px\" aria-hidden=\"true\" class=\"wp-block-spacer\"><\/div>\n\n\n<!--blockstudio\/blockstudio\/teaser-->\n<div id=\"blockstudio-db6ce05e4475\" class=\"px-teaser\">\n\t<div class=\"px-teaser-inner hidden_images\">\n\t\t\t\t\t<div class=\"item\">\n                                    <a href=\"https:\/\/www.der-yacht-anwalt.de\/wp-content\/uploads\/2024\/04\/06-14-yacht-arbeitgeber-crew-fuehrung-captain-leadership.pdf\" class=\"full-link\" target=\"_blank\"><\/a>\n                \t\t\t\t\n\t\t\t\t<div class=\"content\">\n\t\t\t\t\t\t\t\t\t\t\t<h6 class=\"headline text-center\">Ausgabe 6\/2014<\/h6>\n\t\t\t\t\t                    \t\t\t\t\t\t<p class=\"subline text-center\">F\u00fchrung auf Yachten &#8211; Serie &#8220;Effizienter Yachtbetrieb&#8221; Teil 4<\/p>\n\t\t\t\t\t\t\t\t\t\t\n\t\t\t\t<\/div>\n\t\t\t<\/div>\n\t\t\t\t\t<div class=\"item\">\n                                    <a href=\"https:\/\/www.der-yacht-anwalt.de\/wp-content\/uploads\/2024\/04\/05-14-yacht-erbe-steuer-flagge.pdf\" class=\"full-link\" target=\"_blank\"><\/a>\n                \t\t\t\t\n\t\t\t\t<div class=\"content\">\n\t\t\t\t\t\t\t\t\t\t\t<h6 class=\"headline text-center\">Ausgabe 5\/2014<\/h6>\n\t\t\t\t\t                    \t\t\t\t\t\t<p class=\"subline text-center\">Vorsicht Erbe! &#8211; Serie &#8220;Effizienter Yachtbetrieb&#8221; Teil 3<\/p>\n\t\t\t\t\t\t\t\t\t\t\n\t\t\t\t<\/div>\n\t\t\t<\/div>\n\t\t\t\t\t<div class=\"item\">\n                                    <a href=\"https:\/\/www.der-yacht-anwalt.de\/wp-content\/uploads\/2024\/04\/04-14-yacht-vat-steuer-eu-1.pdf\" class=\"full-link\" target=\"_blank\"><\/a>\n                \t\t\t\t\n\t\t\t\t<div class=\"content\">\n\t\t\t\t\t\t\t\t\t\t\t<h6 class=\"headline text-center\">Ausgabe 4\/2014<\/h6>\n\t\t\t\t\t                    \t\t\t\t\t\t<p class=\"subline text-center\">Zwischen 0 und 27 Prozent &#8211; Serie &#8220;Effizienter Yachtbetrieb&#8221; Teil 2<\/p>\n\t\t\t\t\t\t\t\t\t\t\n\t\t\t\t<\/div>\n\t\t\t<\/div>\n\t\t\t\t\t<div class=\"item\">\n                                    <a href=\"https:\/\/www.der-yacht-anwalt.de\/wp-content\/uploads\/2024\/04\/03-14-yacht-vertraege-kauf-bau-agb-1.pdf\" class=\"full-link\" target=\"_blank\"><\/a>\n                \t\t\t\t\n\t\t\t\t<div class=\"content\">\n\t\t\t\t\t\t\t\t\t\t\t<h6 class=\"headline text-center\">Ausgabe 3\/2014<\/h6>\n\t\t\t\t\t                    \t\t\t\t\t\t<p class=\"subline text-center\">Die T\u00fccken der Vertr\u00e4ge &#8211; Serie &#8220;Effizienter Yachtbetrieb&#8221; Teil 1<\/p>\n\t\t\t\t\t\t\t\t\t\t\n\t\t\t\t<\/div>\n\t\t\t<\/div>\n\t\t\t\t\t<div class=\"item\">\n                                    <a href=\"https:\/\/www.der-yacht-anwalt.de\/wp-content\/uploads\/2024\/04\/02-14-yacht-charter-betriebskonzept-steuer.pdf\" class=\"full-link\" target=\"_blank\"><\/a>\n                \t\t\t\t\n\t\t\t\t<div class=\"content\">\n\t\t\t\t\t\t\t\t\t\t\t<h6 class=\"headline text-center\">Ausgabe 2\/2014<\/h6>\n\t\t\t\t\t                    \t\t\t\t\t\t<p class=\"subline text-center\">Charter als Betriebskonzept?<\/p>\n\t\t\t\t\t\t\t\t\t\t\n\t\t\t\t<\/div>\n\t\t\t<\/div>\n\t\t\t\t\t<div class=\"item\">\n                                    <a href=\"https:\/\/www.der-yacht-anwalt.de\/wp-content\/uploads\/2024\/04\/01-14-yacht-malta-flagge-registrierung-1.pdf\" class=\"full-link\" target=\"_blank\"><\/a>\n                \t\t\t\t\n\t\t\t\t<div class=\"content\">\n\t\t\t\t\t\t\t\t\t\t\t<h6 class=\"headline text-center\">Ausgabe 1\/2014<\/h6>\n\t\t\t\t\t                    \t\t\t\t\t\t<p class=\"subline text-center\">Die Premiumflagge mit dem wei\u00dfen Kreuz<\/p>\n\t\t\t\t\t\t\t\t\t\t\n\t\t\t\t<\/div>\n\t\t\t<\/div>\n\t\t\t<\/div>\n<\/div>\n\n\n\n\n\n<div style=\"height:50px\" aria-hidden=\"true\" class=\"wp-block-spacer\"><\/div>\n\n\n\n<h3 class=\"wp-block-heading has-text-align-center\">Ausgaben 2013<\/h3>\n\n\n\n<div style=\"height:20px\" aria-hidden=\"true\" class=\"wp-block-spacer\"><\/div>\n\n\n<!--blockstudio\/blockstudio\/teaser-->\n<div id=\"blockstudio-67c6969bda63\" class=\"px-teaser\">\n\t<div class=\"px-teaser-inner hidden_images\">\n\t\t\t\t\t<div class=\"item\">\n                                    <a href=\"https:\/\/www.der-yacht-anwalt.de\/wp-content\/uploads\/2024\/04\/05-13-yacht-registrierung-gibraltar-flagge-1.pdf\" class=\"full-link\" target=\"_blank\"><\/a>\n                \t\t\t\t\n\t\t\t\t<div class=\"content\">\n\t\t\t\t\t\t\t\t\t\t\t<h6 class=\"headline text-center\">Ausgabe 5\/2013<\/h6>\n\t\t\t\t\t                    \t\t\t\t\t\t<p class=\"subline text-center\">Ein lukrativer Felsen &#8211; Registrierung Gibraltar<\/p>\n\t\t\t\t\t\t\t\t\t\t\n\t\t\t\t<\/div>\n\t\t\t<\/div>\n\t\t\t\t\t<div class=\"item\">\n                                    <a href=\"https:\/\/www.der-yacht-anwalt.de\/wp-content\/uploads\/2024\/04\/03-13-yachtbranche-strategie-neue_maerkte-zukunft-veraenderung.pdf\" class=\"full-link\" target=\"_blank\"><\/a>\n                \t\t\t\t\n\t\t\t\t<div class=\"content\">\n\t\t\t\t\t\t\t\t\t\t\t<h6 class=\"headline text-center\">Ausgabe 3\/2013<\/h6>\n\t\t\t\t\t                    \t\t\t\t\t\t<p class=\"subline text-center\">Von neuen M\u00e4rkten weit entfernt<\/p>\n\t\t\t\t\t\t\t\t\t\t\n\t\t\t\t<\/div>\n\t\t\t<\/div>\n\t\t\t\t\t<div class=\"item\">\n                                    <a href=\"https:\/\/www.der-yacht-anwalt.de\/wp-content\/uploads\/2024\/04\/02-13-yacht-kroatien-steuer-5_-2013-1.pdf\" class=\"full-link\" target=\"_blank\"><\/a>\n                \t\t\t\t\n\t\t\t\t<div class=\"content\">\n\t\t\t\t\t\t\t\t\t\t\t<h6 class=\"headline text-center\">Ausgabe 2\/2013<\/h6>\n\t\t\t\t\t                    \t\t\t\t\t\t<p class=\"subline text-center\">Der-F\u00fcnf-Prozent-Deal (Kroatien 2013)<\/p>\n\t\t\t\t\t\t\t\t\t\t\n\t\t\t\t<\/div>\n\t\t\t<\/div>\n\t\t\t\t\t<div class=\"item\">\n                                    <a href=\"https:\/\/www.der-yacht-anwalt.de\/wp-content\/uploads\/2024\/04\/01-13-yachteigner-arbeitgeber-crew-arbeitsrecht-yacht.pdf\" class=\"full-link\" target=\"_blank\"><\/a>\n                \t\t\t\t\n\t\t\t\t<div class=\"content\">\n\t\t\t\t\t\t\t\t\t\t\t<h6 class=\"headline text-center\">Ausgabe 1\/2013<\/h6>\n\t\t\t\t\t                    \t\t\t\t\t\t<p class=\"subline text-center\">Der Yachteigner als Arbeitgeber<\/p>\n\t\t\t\t\t\t\t\t\t\t\n\t\t\t\t<\/div>\n\t\t\t<\/div>\n\t\t\t<\/div>\n<\/div>\n\n\n\n\n\n<div style=\"height:50px\" aria-hidden=\"true\" class=\"wp-block-spacer\"><\/div>\n\n\n\n<h3 class=\"wp-block-heading has-text-align-center\">Ausgaben 2012<\/h3>\n\n\n\n<div style=\"height:20px\" aria-hidden=\"true\" class=\"wp-block-spacer\"><\/div>\n\n\n<!--blockstudio\/blockstudio\/teaser-->\n<div id=\"blockstudio-111e34f17409\" class=\"px-teaser\">\n\t<div class=\"px-teaser-inner hidden_images\">\n\t\t\t\t\t<div class=\"item\">\n                                    <a href=\"https:\/\/www.der-yacht-anwalt.de\/wp-content\/uploads\/2024\/04\/06-12-handlungsbedarf-yacht-kroatien.pdf\" class=\"full-link\" target=\"_blank\"><\/a>\n                \t\t\t\t\n\t\t\t\t<div class=\"content\">\n\t\t\t\t\t\t\t\t\t\t\t<h6 class=\"headline text-center\">Ausgabe 6\/2012<\/h6>\n\t\t\t\t\t                    \t\t\t\t\t\t<p class=\"subline text-center\">Handlungsbedarf im Top-Revier (Kroatien)<\/p>\n\t\t\t\t\t\t\t\t\t\t\n\t\t\t\t<\/div>\n\t\t\t<\/div>\n\t\t\t\t\t<div class=\"item\">\n                                    <a href=\"https:\/\/www.der-yacht-anwalt.de\/wp-content\/uploads\/2024\/04\/05-12-yacht-montenegro.pdf\" class=\"full-link\" target=\"_blank\"><\/a>\n                \t\t\t\t\n\t\t\t\t<div class=\"content\">\n\t\t\t\t\t\t\t\t\t\t\t<h6 class=\"headline text-center\">Ausgabe 5\/2012<\/h6>\n\t\t\t\t\t                    \t\t\t\t\t\t<p class=\"subline text-center\">Warum nicht nach Montenegro?<\/p>\n\t\t\t\t\t\t\t\t\t\t\n\t\t\t\t<\/div>\n\t\t\t<\/div>\n\t\t\t\t\t<div class=\"item\">\n                                    <a href=\"https:\/\/www.der-yacht-anwalt.de\/wp-content\/uploads\/2024\/04\/04-12-yacht-erbrecht.pdf\" class=\"full-link\" target=\"_blank\"><\/a>\n                \t\t\t\t\n\t\t\t\t<div class=\"content\">\n\t\t\t\t\t\t\t\t\t\t\t<h6 class=\"headline text-center\">Ausgabe 4\/2014<\/h6>\n\t\t\t\t\t                    \t\t\t\t\t\t<p class=\"subline text-center\">Erbrecht kreativ auslegen<\/p>\n\t\t\t\t\t\t\t\t\t\t\n\t\t\t\t<\/div>\n\t\t\t<\/div>\n\t\t\t\t\t<div class=\"item\">\n                                    <a href=\"https:\/\/www.der-yacht-anwalt.de\/wp-content\/uploads\/2024\/04\/03-12-flagge-steuer-erbe-yacht.pdf\" class=\"full-link\" target=\"_blank\"><\/a>\n                \t\t\t\t\n\t\t\t\t<div class=\"content\">\n\t\t\t\t\t\t\t\t\t\t\t<h6 class=\"headline text-center\">Ausgabe 3\/2014<\/h6>\n\t\t\t\t\t                    \t\t\t\t\t\t<p class=\"subline text-center\">Flagge, Steuer, Erbe<\/p>\n\t\t\t\t\t\t\t\t\t\t\n\t\t\t\t<\/div>\n\t\t\t<\/div>\n\t\t\t<\/div>\n<\/div>\n\n\n\n\n\n<hr class=\"wp-block-separator has-alpha-channel-opacity\"\/>\n\n\n\n<h2 class=\"wp-block-heading\">Fachbeitr\u00e4ge INVICTUS (USA)<\/h2>\n\n\n\n<div style=\"height:20px\" aria-hidden=\"true\" class=\"wp-block-spacer\"><\/div>\n\n\n<!--blockstudio\/blockstudio\/teaser-->\n<div id=\"blockstudio-095b61506be7\" class=\"px-teaser\">\n\t<div class=\"px-teaser-inner hidden_images\">\n\t\t\t\t\t<div class=\"item\">\n                                    <a href=\"https:\/\/www.der-yacht-anwalt.de\/wp-content\/uploads\/2024\/04\/scan_20150301_104938619-scaled.jpg\" class=\"full-link\" target=\"_blank\"><\/a>\n                \t\t\t\t\n\t\t\t\t<div class=\"content\">\n\t\t\t\t\t                    \t\t\t\t\t\t<p class=\"subline text-center\">Christoph Schlie\u00dfmann Member of INVICTUS Contributing Team<\/p>\n\t\t\t\t\t\t\t\t\t\t\n\t\t\t\t<\/div>\n\t\t\t<\/div>\n\t\t\t\t\t<div class=\"item\">\n                                    <a href=\"https:\/\/www.der-yacht-anwalt.de\/wp-content\/uploads\/2024\/04\/inv18-yachting-brexit.pdf\" class=\"full-link\" target=\"_blank\"><\/a>\n                \t\t\t\t\n\t\t\t\t<div class=\"content\">\n\t\t\t\t\t\t\t\t\t\t\t<h6 class=\"headline text-center\">INVICTUS Issue 18\/2016<\/h6>\n\t\t\t\t\t                    \t\t\t\t\t\t<p class=\"subline text-center\">BREXIT and the Yachting-Industry<\/p>\n\t\t\t\t\t\t\t\t\t\t\n\t\t\t\t<\/div>\n\t\t\t<\/div>\n\t\t\t\t\t<div class=\"item\">\n                                    <a href=\"https:\/\/www.der-yacht-anwalt.de\/wp-content\/uploads\/2024\/04\/inv16-yacht-yachtlaw-guarantee-warranty.pdf\" class=\"full-link\" target=\"_blank\"><\/a>\n                \t\t\t\t\n\t\t\t\t<div class=\"content\">\n\t\t\t\t\t\t\t\t\t\t\t<h6 class=\"headline text-center\">INVICTUS Issue 16\/2016<\/h6>\n\t\t\t\t\t                    \t\t\t\t\t\t<p class=\"subline text-center\">Warranties and Guarantees &#8211; Yacht Acquisition in the EU<\/p>\n\t\t\t\t\t\t\t\t\t\t\n\t\t\t\t<\/div>\n\t\t\t<\/div>\n\t\t\t\t\t<div class=\"item\">\n                                    <a href=\"https:\/\/www.der-yacht-anwalt.de\/wp-content\/uploads\/2024\/04\/inv11-secondhand-yacht-buy.pdf\" class=\"full-link\" target=\"_blank\"><\/a>\n                \t\t\t\t\n\t\t\t\t<div class=\"content\">\n\t\t\t\t\t\t\t\t\t\t\t<h6 class=\"headline text-center\">INVICTUS Issue 11\/2015<\/h6>\n\t\t\t\t\t                    \t\t\t\t\t\t<p class=\"subline text-center\">Used but not Abused &#8211; Purchase of used Superyachts<\/p>\n\t\t\t\t\t\t\t\t\t\t\n\t\t\t\t<\/div>\n\t\t\t<\/div>\n\t\t\t\t\t<div class=\"item\">\n                                    <a href=\"https:\/\/www.der-yacht-anwalt.de\/wp-content\/uploads\/2024\/04\/inv10-yacht-constructing-law.pdf\" class=\"full-link\" target=\"_blank\"><\/a>\n                \t\t\t\t\n\t\t\t\t<div class=\"content\">\n\t\t\t\t\t\t\t\t\t\t\t<h6 class=\"headline text-center\">INVICTUS Issue 10\/2015<\/h6>\n\t\t\t\t\t                    \t\t\t\t\t\t<p class=\"subline text-center\">Building Protection &#8211; Legal considerations for yacht construction<\/p>\n\t\t\t\t\t\t\t\t\t\t\n\t\t\t\t<\/div>\n\t\t\t<\/div>\n\t\t\t\t\t<div class=\"item\">\n                                    <a href=\"https:\/\/www.der-yacht-anwalt.de\/wp-content\/uploads\/2024\/04\/inv09-legal-tax-yacht-mediterranean.pdf\" class=\"full-link\" target=\"_blank\"><\/a>\n                \t\t\t\t\n\t\t\t\t<div class=\"content\">\n\t\t\t\t\t\t\t\t\t\t\t<h6 class=\"headline text-center\">INVICTUS Issue 9\/2014<\/h6>\n\t\t\t\t\t                    \t\t\t\t\t\t<p class=\"subline text-center\">Navigating Red Tape &#8211; Legal and Tax implications of MED Yachting<\/p>\n\t\t\t\t\t\t\t\t\t\t\n\t\t\t\t<\/div>\n\t\t\t<\/div>\n\t\t\t<\/div>\n<\/div>\n\n\n\n\n\n<hr class=\"wp-block-separator has-alpha-channel-opacity\"\/>\n\n\n\n<h2 class=\"wp-block-heading\">Fachbeitr\u00e4ge YACHTS CROATIA<\/h2>\n\n\n\n<div style=\"height:20px\" aria-hidden=\"true\" class=\"wp-block-spacer\"><\/div>\n\n\n<!--blockstudio\/blockstudio\/teaser-->\n<div id=\"blockstudio-59867023be8d\" class=\"px-teaser\">\n\t<div class=\"px-teaser-inner hidden_images\">\n\t\t\t\t\t<div class=\"item\">\n                                    <a href=\"https:\/\/www.der-yacht-anwalt.de\/wp-content\/uploads\/2024\/04\/yc15-yachtcharter-croatia.pdf\" class=\"full-link\" target=\"_blank\"><\/a>\n                \t\t\t\t\n\t\t\t\t<div class=\"content\">\n\t\t\t\t\t\t\t\t\t\t\t<h6 class=\"headline text-center\">YACHTS CROATIA Issue July 2015<\/h6>\n\t\t\t\t\t                    \t\t\t\t\t\t<p class=\"subline text-center\">EU VAT Phenomenon on Yacht Charter<\/p>\n\t\t\t\t\t\t\t\t\t\t\n\t\t\t\t<\/div>\n\t\t\t<\/div>\n\t\t\t\t\t<div class=\"item\">\n                                    <a href=\"https:\/\/www.der-yacht-anwalt.de\/wp-content\/uploads\/2024\/04\/yc15-yachtpurchase-today-croatia.pdf\" class=\"full-link\" target=\"_blank\"><\/a>\n                \t\t\t\t\n\t\t\t\t<div class=\"content\">\n\t\t\t\t\t\t\t\t\t\t\t<h6 class=\"headline text-center\">YACHTS CROATIA Issue May 2015<\/h6>\n\t\t\t\t\t                    \t\t\t\t\t\t<p class=\"subline text-center\">Yacht Purchasing Today &#8211; An expensive pleasure<\/p>\n\t\t\t\t\t\t\t\t\t\t\n\t\t\t\t<\/div>\n\t\t\t<\/div>\n\t\t\t\t\t<div class=\"item\">\n                                    <a href=\"https:\/\/www.der-yacht-anwalt.de\/wp-content\/uploads\/2024\/04\/yc16-yacht-sale-warranty-croatia.pdf\" class=\"full-link\" target=\"_blank\"><\/a>\n                \t\t\t\t\n\t\t\t\t<div class=\"content\">\n\t\t\t\t\t\t\t\t\t\t\t<h6 class=\"headline text-center\">YACHTS CROATIA Issue September 2016<\/h6>\n\t\t\t\t\t                    \t\t\t\t\t\t<p class=\"subline text-center\">Yacht-Sale-Warranty-Guarantee<\/p>\n\t\t\t\t\t\t\t\t\t\t\n\t\t\t\t<\/div>\n\t\t\t<\/div>\n\t\t\t<\/div>\n<\/div>\n\n\n\n\n\n<hr class=\"wp-block-separator has-alpha-channel-opacity\"\/>\n\n\n\n<h2 class=\"wp-block-heading\">B\u00fccher und weitere Publikationen<\/h2>\n\n\n\n<p>\u00bb B\u00fccher und weitere Publikationen finden Sie unter&nbsp;<a href=\"http:\/\/www.cps-schliessmann.de\/\" target=\"_blank\" rel=\"noreferrer noopener nofollow\">www.cps-schliessmann.de<\/a><\/p>\n","protected":false},"excerpt":{"rendered":"<p>Contributions in Meer &amp; YACHTEN From issue 2\/2018, I will be writing for Meer &amp; YACHTEN, the magazine for luxury on the water originally published by Boat International for 20 years. Meer &amp; Yachten features current trends in boat building, portraits, travelogues, lifestyle and more. Fachbeitrag private-banking-magazin Kommentar zum Malta-Yacht-Lease vom 04.05.2018:&#8220;Von Steuerverk\u00fcrzung oder Haftrisiken [&hellip;]<\/p>\n","protected":false},"author":4,"featured_media":0,"parent":1512,"menu_order":0,"comment_status":"closed","ping_status":"closed","template":"","meta":{"_acf_changed":false,"footnotes":""},"class_list":["post-2240","page","type-page","status-publish","hentry"],"acf":[],"_links":{"self":[{"href":"https:\/\/www.der-yacht-anwalt.de\/en\/wp-json\/wp\/v2\/pages\/2240","targetHints":{"allow":["GET"]}}],"collection":[{"href":"https:\/\/www.der-yacht-anwalt.de\/en\/wp-json\/wp\/v2\/pages"}],"about":[{"href":"https:\/\/www.der-yacht-anwalt.de\/en\/wp-json\/wp\/v2\/types\/page"}],"author":[{"embeddable":true,"href":"https:\/\/www.der-yacht-anwalt.de\/en\/wp-json\/wp\/v2\/users\/4"}],"replies":[{"embeddable":true,"href":"https:\/\/www.der-yacht-anwalt.de\/en\/wp-json\/wp\/v2\/comments?post=2240"}],"version-history":[{"count":0,"href":"https:\/\/www.der-yacht-anwalt.de\/en\/wp-json\/wp\/v2\/pages\/2240\/revisions"}],"up":[{"embeddable":true,"href":"https:\/\/www.der-yacht-anwalt.de\/en\/wp-json\/wp\/v2\/pages\/1512"}],"wp:attachment":[{"href":"https:\/\/www.der-yacht-anwalt.de\/en\/wp-json\/wp\/v2\/media?parent=2240"}],"curies":[{"name":"wp","href":"https:\/\/api.w.org\/{rel}","templated":true}]}}